{"id":799,"date":"2017-05-15T21:42:47","date_gmt":"2017-05-15T20:42:47","guid":{"rendered":"http:\/\/hauptsache-realbleiben.de\/?page_id=799"},"modified":"2017-05-16T09:27:18","modified_gmt":"2017-05-16T08:27:18","slug":"brief-einer-betroffenen-mutter","status":"publish","type":"page","link":"https:\/\/hauptsache-realbleiben.de\/?page_id=799","title":{"rendered":"Brief einer betroffenen Grundschulmutter"},"content":{"rendered":"<p dir=\"ltr\">Guten Abend,<\/p>\n<p dir=\"ltr\">Warum ich als Mutter gegen die Sekundarschule bin:<\/p>\n<p dir=\"ltr\">1. Wenn mein Sohn drei Tage die Woche bis 16:00 Uhr Schule h\u00e4tte, dann k\u00f6nnte er danach kaum noch f\u00fcr die Arbeiten lernen oder Vokabeln \u00fcben. Er k\u00f6nnte sich nicht mit Freunden verabreden, denn schlie\u00dflich w\u00e4ren nicht alle seine Freunde auf der Sekundarschule. Er k\u00f6nnte nicht mehr im Verein Fu\u00dfball spielen. Und wenn die Vereine ihre Trainingszeiten anpassen w\u00fcrden, w\u00e4re es f\u00fcr ihn viel zu sp\u00e4t, um am Training teil zu nehmen. Mir w\u00fcrden die gemeinsamen Mahlzeiten fehlen.<br \/>\nDie zwei kurzen Tage w\u00fcrden nicht daf\u00fcr reichen, um zu lernen, um sich zu verabreden und um Sport zu machen. Jeder wei\u00df, dass Stre\u00df im Alltag krank macht.<\/p>\n<p dir=\"ltr\">2. In der ersten Infoveranstaltung am Elternabend sprachen die Organisatoren der Sekundarschule davon, dass die Klassen von zwei Lehrern und einem\/r F\u00f6rderschullehrer\/in begleitet werden. Am Infoabend im CBG wurde die Aussage dementiert, man h\u00e4tte lediglich von der doppelten Klassenleitung gesprochen und nicht von einer Doppelbesetzung. Ich frage mich auch, woher die jungen, motivierten Lehrer herkommen sollen, wo \u00fcberall in NRW Lehrermangel herrscht.<\/p>\n<p dir=\"ltr\">3. Die Klassengr\u00f6\u00dfe von 25 Sch\u00fclern kann nie eingehalten werden, weil die Sitzenbleiber der drei Gymnasien und der Marienschule aufgenommen werden m\u00fcssten. In Nottuln ist es anders, die Sekundarschule ist eine bisch\u00f6fliche Schule und diese darf, wie die Marien-Realschule, die Sch\u00fcler ablehen.<br \/>\nAm Infoabend am CBG sagte die Schulleiterin aus Vreden, dass eine Klassengr\u00f6\u00dfe bis 29 Sch\u00fclern durchaus m\u00f6glich ist.<\/p>\n<p dir=\"ltr\">4. Ein individuelles Lernen bei einer Klassengr\u00f6\u00dfe von 25-29 ist anhand von Arbeitsbl\u00e4ttern und\/oder anhand von Arbeitsheften vielleicht m\u00f6glich, aber eine individuelle F\u00f6rderung, wo nur ein Lehrer f\u00fcr Leistungsverweigerer, f\u00fcr Leistungsschwache, f\u00fcr Leistungsstarke, f\u00fcr Fl\u00fcchtlingskinder und f\u00fcr Inklusionskinder zust\u00e4ndig ist, ist ganz sicher nicht m\u00f6glich.<\/p>\n<p dir=\"ltr\">5. W\u00e4hrend der Umbauphase von 2-3 Jahren w\u00fcrde mein Kind provisorisch unterrichtet werden, da die Fachr\u00e4ume fehlen.<\/p>\n<p dir=\"ltr\">6. Der Schulhof ist nach dem Umbau f\u00fcr die geplanten 900 Sch\u00fclern viel zu klein. <span style=\"font-size: 10pt;\"><em>(Anmerkung: s. dazu <a href=\"http:\/\/hauptsache-realbleiben.de\/?page_id=769\">Architektenwettbewerb<\/a>)<\/em><\/span><\/p>\n<p dir=\"ltr\">7. In der Mensa w\u00e4re, auch mit nur der H\u00e4lfte der Sch\u00fcler, eine unertr\u00e4gliche Lautst\u00e4rke.<\/p>\n<p dir=\"ltr\">8. Mein Kind h\u00e4tte dann an drei Tagen einen Arbeitstag von 7:30 Uhr -16:30 Uhr. So wie bei einem Erwachsenen und h\u00e4tte permanent 24-28 oder mehr Kinder um sich.<\/p>\n<p dir=\"ltr\">9. Ich finde, dass man in gleich starken Gruppen besser voneinander lernen und besser miteinander kommunizieren kann.<\/p>\n<p dir=\"ltr\">Danke f\u00fcr Ihr Engageman f\u00fcr die Zukunft unserer Kinder<\/p>\n<p dir=\"ltr\">Mit freundlichen Gr\u00fc\u00dfen<br \/>\n<span style=\"font-size: 10pt;\"><em>(Name entfernt)<\/em><\/span><\/p>\n<p dir=\"ltr\">\n<p dir=\"ltr\"><strong><span style=\"color: #333399;\"><em>Haben auch Sie N\u00f6te und Sorgen? Dann schreiben Sie uns gern.<\/em><\/span><\/strong><\/p>\n","protected":false},"excerpt":{"rendered":"<p>Guten Abend, Warum ich als Mutter gegen die Sekundarschule bin: 1. Wenn mein Sohn drei Tage die Woche bis 16:00 Uhr Schule h\u00e4tte, dann k\u00f6nnte er danach kaum noch f\u00fcr die Arbeiten lernen oder Vokabeln \u00fcben. Er k\u00f6nnte sich nicht mit Freunden verabreden, denn schlie\u00dflich w\u00e4ren nicht alle seine Freunde auf der Sekundarschule. Er k\u00f6nnte &hellip; <\/p>\n<p class=\"link-more\"><a href=\"https:\/\/hauptsache-realbleiben.de\/?page_id=799\" class=\"more-link\"><span class=\"screen-reader-text\">\u201eBrief einer betroffenen Grundschulmutter\u201c<\/span> weiterlesen<\/a><\/p>\n","protected":false},"author":1,"featured_media":0,"parent":0,"menu_order":0,"comment_status":"closed","ping_status":"closed","template":"","meta":{"footnotes":""},"class_list":["post-799","page","type-page","status-publish","hentry"],"_links":{"self":[{"href":"https:\/\/hauptsache-realbleiben.de\/index.php?rest_route=\/wp\/v2\/pages\/799","targetHints":{"allow":["GET"]}}],"collection":[{"href":"https:\/\/hauptsache-realbleiben.de\/index.php?rest_route=\/wp\/v2\/pages"}],"about":[{"href":"https:\/\/hauptsache-realbleiben.de\/index.php?rest_route=\/wp\/v2\/types\/page"}],"author":[{"embeddable":true,"href":"https:\/\/hauptsache-realbleiben.de\/index.php?rest_route=\/wp\/v2\/users\/1"}],"replies":[{"embeddable":true,"href":"https:\/\/hauptsache-realbleiben.de\/index.php?rest_route=%2Fwp%2Fv2%2Fcomments&post=799"}],"version-history":[{"count":5,"href":"https:\/\/hauptsache-realbleiben.de\/index.php?rest_route=\/wp\/v2\/pages\/799\/revisions"}],"predecessor-version":[{"id":817,"href":"https:\/\/hauptsache-realbleiben.de\/index.php?rest_route=\/wp\/v2\/pages\/799\/revisions\/817"}],"wp:attachment":[{"href":"https:\/\/hauptsache-realbleiben.de\/index.php?rest_route=%2Fwp%2Fv2%2Fmedia&parent=799"}],"curies":[{"name":"wp","href":"https:\/\/api.w.org\/{rel}","templated":true}]}}